{"id":57,"date":"2014-04-18T21:07:29","date_gmt":"2014-04-18T20:07:29","guid":{"rendered":"http:\/\/www.lukas-hofmann.at\/www\/?page_id=57"},"modified":"2022-02-14T17:09:18","modified_gmt":"2022-02-14T16:09:18","slug":"vita-2","status":"publish","type":"page","link":"http:\/\/www.lukas-hofmann.at\/www\/","title":{"rendered":"Vita."},"content":{"rendered":"<p style=\"color: #222222;\"><a href=\"http:\/\/www.lukas-hofmann.at\/www\/wp-content\/uploads\/2014\/04\/Dirigent_Lukas-Hofmann.jpg\"><img decoding=\"async\" loading=\"lazy\" class=\"aligncenter size-large wp-image-326\" src=\"http:\/\/www.lukas-hofmann.at\/www\/wp-content\/uploads\/2014\/04\/Dirigent_Lukas-Hofmann-1024x886.jpg\" alt=\"\" width=\"676\" height=\"585\" srcset=\"http:\/\/www.lukas-hofmann.at\/www\/wp-content\/uploads\/2014\/04\/Dirigent_Lukas-Hofmann-1024x886.jpg 1024w, http:\/\/www.lukas-hofmann.at\/www\/wp-content\/uploads\/2014\/04\/Dirigent_Lukas-Hofmann-300x259.jpg 300w, http:\/\/www.lukas-hofmann.at\/www\/wp-content\/uploads\/2014\/04\/Dirigent_Lukas-Hofmann-768x664.jpg 768w, http:\/\/www.lukas-hofmann.at\/www\/wp-content\/uploads\/2014\/04\/Dirigent_Lukas-Hofmann-676x585.jpg 676w, http:\/\/www.lukas-hofmann.at\/www\/wp-content\/uploads\/2014\/04\/Dirigent_Lukas-Hofmann.jpg 1080w\" sizes=\"(max-width: 676px) 100vw, 676px\" \/><\/a><\/p>\n<p style=\"color: #222222;\"><strong>Mag. Lukas Hofmann, DA 1\u00a0<\/strong>(Jahrgang 1988) wuchs in Heinfels in Osttirol auf. Nach der Matura am <a href=\"http:\/\/www.borg-lienz.at\" target=\"_blank\" rel=\"noopener noreferrer\">musischen BORG<\/a> in Lienz leistete er seinen Pr\u00e4senzdienst als Saxophonist bei der Milit\u00e4rmusik Tirol ab.<\/p>\n<p style=\"color: #222222; text-align: justify;\">Lukas studierte Musikp\u00e4dagogik\u00a0mit Hauptfach Saxophon und Schwerpunktfach Blasorchesterleitung an der <a href=\"http:\/\/www.moz.ac.at\" target=\"_blank\" rel=\"noopener noreferrer\">Universit\u00e4t Mozarteum Salzburg<\/a> und Geographie und Wirtschaftskunde an der <a href=\"http:\/\/www.uibk.ac.at\" target=\"_blank\" rel=\"noopener noreferrer\">Leopold-Franzens Universit\u00e4t Innsbruck<\/a>. Zu seinen Lehrern und musikalischen Wegbereitern z\u00e4hlten u.a. Romed Hopfgartner, Mag. Fran\u00e7ois-Pierre Descamps, Generalmusikdirektor Prof. Edgar Seipenbusch und Albert Schwarzmann, MA. Zus\u00e4tzlich\u00a0schloss er den dreij\u00e4hrigen Kapellmeisterkurs des <a href=\"http:\/\/www.blasmusik.tirol\" target=\"_blank\" rel=\"noopener noreferrer\">Blasmusikverbandes Tirol<\/a> mit dem Pr\u00e4dikat \u201eAusgezeichnet\u201c ab.<br \/>\n2012 feierte Lukas die Sponsion zum \u201eMagister artium\u201c, er ist aktuell Administrator und Professor f\u00fcr Musikerziehung und Geographie und Wirtschaftskunde am\u00a0<a href=\"http:\/\/www.franziskanergymhall.tsn.at\" target=\"_blank\" rel=\"noopener noreferrer\">Franziskanergymnasium Hall in Tirol<\/a>.<\/p>\n<p style=\"color: #222222; text-align: justify;\">Am <a href=\"http:\/\/www.konstirol.at\" target=\"_blank\" rel=\"noopener noreferrer\">Tiroler Landeskonservatorium<\/a> schloss Lukas im Juli 2013 als erster Student im &#8222;Modell Tirol&#8220; den \u201eLehrgang Blasorchesterleitung\u201c bei Mag. Hermann Pallhuber und Mag. Thomas Ludescher mit der <a href=\"http:\/\/www.saechsische-blaeserphilharmonie.de\" target=\"_blank\" rel=\"noopener noreferrer\">S\u00e4chsischen Bl\u00e4serphilharmonie<\/a> \u201emit Auszeichnung\u201c ab und im November 2014 beendete er ebenfalls \u201emit Auszeichnung\u201c das einj\u00e4hrige \u201eExzellenzstudium Blasorchesterleitung\u201c mit der Brass Band Tirol. Er ist somit Tr\u00e4ger des Tiroler Dirigentenabzeichens in Gold.<\/p>\n<p style=\"color: #222222; text-align: justify;\">2015\/16 studiert Lukas Hofmann Hauptfach Blasorchesterleitung am\u00a0<a href=\"https:\/\/www.philso.uni-augsburg.de\/lmz\/\" target=\"_blank\" rel=\"noopener noreferrer\">Leopold-Mozart-Zentrum der Universit\u00e4t Augsburg<\/a>\u00a0bei Prof. Maurice Hamers.<br \/>\n2020\u00a0schloss\u00a0Lukas Hofmann das Studium &#8222;Instrumentierung f\u00fcr Blasorchester &amp; Blasorchesterleitung&#8220; in Bozen an der\u00a0<a href=\"http:\/\/cons.bz.it\/de\/institute\/pages\/default.aspx\" target=\"_blank\" rel=\"noopener noreferrer\">Hochschule f\u00fcr Musik Konservatorium &#8222;Claudio Monteverdi&#8220;<\/a> bei Prof. Walter Ratzek mit dem Akademischen Diplom der\u00a01.\u00a0Ebene \u00a0(DA 1) &#8222;cum laude&#8220; (mit Auszeichnung) ab.<\/p>\n<p style=\"color: #222222; text-align: justify;\">2012 gr\u00fcndete Lukas Hofmann die\u00a0<a href=\"http:\/\/www.blaeserphilharmonie-osttirol.at\" target=\"_blank\" rel=\"noopener noreferrer\">Bl\u00e4serphilharmonie Osttirol<\/a>\u00a0und ist seither ihr Dirigent und musikalischer Leiter.<\/p>\n","protected":false},"excerpt":{"rendered":"<p>Mag. Lukas Hofmann, DA 1\u00a0(Jahrgang 1988) wuchs in Heinfels in Osttirol auf. Nach der Matura am musischen BORG in Lienz leistete er seinen Pr\u00e4senzdienst als Saxophonist bei der Milit\u00e4rmusik Tirol ab. Lukas studierte Musikp\u00e4dagogik\u00a0mit Hauptfach Saxophon und Schwerpunktfach Blasorchesterleitung an der Universit\u00e4t Mozarteum Salzburg und Geographie und Wirtschaftskunde an der Leopold-Franzens Universit\u00e4t Innsbruck. Zu seinen &hellip; <a href=\"http:\/\/www.lukas-hofmann.at\/www\/\" class=\"more-link\"><span class=\"screen-reader-text\">Vita.<\/span> weiterlesen<\/a><\/p>\n","protected":false},"author":2,"featured_media":43,"parent":0,"menu_order":0,"comment_status":"closed","ping_status":"closed","template":"","meta":{"sfsi_plus_gutenberg_text_before_share":"","sfsi_plus_gutenberg_show_text_before_share":"","sfsi_plus_gutenberg_icon_type":"","sfsi_plus_gutenberg_icon_alignemt":"","sfsi_plus_gutenburg_max_per_row":""},"_links":{"self":[{"href":"http:\/\/www.lukas-hofmann.at\/www\/wp-json\/wp\/v2\/pages\/57"}],"collection":[{"href":"http:\/\/www.lukas-hofmann.at\/www\/wp-json\/wp\/v2\/pages"}],"about":[{"href":"http:\/\/www.lukas-hofmann.at\/www\/wp-json\/wp\/v2\/types\/page"}],"author":[{"embeddable":true,"href":"http:\/\/www.lukas-hofmann.at\/www\/wp-json\/wp\/v2\/users\/2"}],"replies":[{"embeddable":true,"href":"http:\/\/www.lukas-hofmann.at\/www\/wp-json\/wp\/v2\/comments?post=57"}],"version-history":[{"count":19,"href":"http:\/\/www.lukas-hofmann.at\/www\/wp-json\/wp\/v2\/pages\/57\/revisions"}],"predecessor-version":[{"id":343,"href":"http:\/\/www.lukas-hofmann.at\/www\/wp-json\/wp\/v2\/pages\/57\/revisions\/343"}],"wp:featuredmedia":[{"embeddable":true,"href":"http:\/\/www.lukas-hofmann.at\/www\/wp-json\/wp\/v2\/media\/43"}],"wp:attachment":[{"href":"http:\/\/www.lukas-hofmann.at\/www\/wp-json\/wp\/v2\/media?parent=57"}],"curies":[{"name":"wp","href":"https:\/\/api.w.org\/{rel}","templated":true}]}}